{"id":11529,"date":"2026-01-11T20:51:45","date_gmt":"2026-01-11T19:51:45","guid":{"rendered":"https:\/\/nafentmagazine.com\/product\/altura-cafe-nafent-social-road-ride\/"},"modified":"2026-01-20T22:10:57","modified_gmt":"2026-01-20T21:10:57","slug":"altura-cafe-nafent-social-road-ride","status":"publish","type":"product","link":"https:\/\/nafentmagazine.com\/ca\/product\/altura-cafe-nafent-social-road-ride\/","title":{"rendered":"Altura Caf\u00e9 | Nafent Social Road Ride"},"content":{"rendered":"<p>Altura Caf\u00e9 i Nafent et conviden a una eixida social de carretera a Ibi per a celebrar la cultura ciclista junt amb <strong>Estefan d\u2019EG Osteotherapy <\/strong>(oste\u00f2pata que treballa amb <b>Tudor Pro Cycling<\/b> i que t\u00e9 la seua pr\u00f2pia consulta a Ibi), <b>Pafgio<\/b>, <b>Serratella<\/b> i el Fugats Cycling Club.<\/p>\n","protected":false},"excerpt":{"rendered":"<p><em><span style=\"text-decoration: underline;\"><strong>Nova data: dissabte 7 de febrer<\/strong><\/span><\/em><\/p>\n<p class=\"p1\">Altura Caf\u00e9 i Nafent et conviden a una eixida social de carretera a Ibi per a celebrar la cultura ciclista junt amb <strong>Estefan d\u2019EG Osteotherapy <\/strong>(oste\u00f2pata que treballa amb <b>Tudor Pro Cycling<\/b> i que t\u00e9 la seua pr\u00f2pia consulta a Ibi), <b>Pafgio<\/b>, <b>Serratella<\/b> i el Fugats Cycling Club.<\/p>\n<p class=\"p1\">El dia comen\u00e7a a Altura Caf\u00e9 amb un caf\u00e9, seguit d\u2019una ruta social de carretera rodada en grups amb diferents ritmes. Despr\u00e9s de la ruta, els participants tornen a Altura Caf\u00e9 per a tres presentacions, per a con\u00e9ixer-se, parlar de bicicletes i gaudir d\u2019un ambient c\u00e0lid. I, per a acabar, tots els participants rebran un exemplar gratu\u00eft de Nafent Magazine, volum 16.  <\/p>\n<p class=\"p1\">\ud83d\udccd <a href=\"https:\/\/maps.app.goo.gl\/hnKEXaGNYtPRva7n7\">Altura Caf\u00e9<\/a>, Ibi<br \/>\n\ud83d\uddd3 Dissabte 7 de febrer<br \/>\n\u23f0 Inici 09:15 \u2013 descarrega la ruta <a href=\"https:\/\/loc.wiki\/t\/244274132?wa=sc\">ac\u00ed<\/a><br \/>\n\ud83c\udf9f Entrada gratu\u00efta (cal inscripci\u00f3)<\/p>\n<p>Inscriu-te ara!<\/p>\n","protected":false},"featured_media":11940,"template":"","meta":{"_ppp_document_settings_meta":"","site-sidebar-layout":"default","site-content-layout":"","ast-site-content-layout":"default","site-content-style":"default","site-sidebar-style":"default","ast-global-header-display":"","ast-banner-title-visibility":"","ast-main-header-display":"","ast-hfb-above-header-display":"","ast-hfb-below-header-display":"","ast-hfb-mobile-header-display":"","site-post-title":"","ast-breadcrumbs-content":"","ast-featured-img":"","footer-sml-layout":"","ast-disable-related-posts":"","theme-transparent-header-meta":"default","adv-header-id-meta":"","stick-header-meta":"","header-above-stick-meta":"","header-main-stick-meta":"","header-below-stick-meta":"","astra-migrate-meta-layouts":"default","ast-page-background-enabled":"default","ast-page-background-meta":{"desktop":{"background-color":"","background-image":"","background-repeat":"repeat","background-position":"center center","background-size":"auto","background-attachment":"scroll","background-type":"","background-media":"","overlay-type":"","overlay-color":"","overlay-opacity":"","overlay-gradient":""},"tablet":{"background-color":"","background-image":"","background-repeat":"repeat","background-position":"center center","background-size":"auto","background-attachment":"scroll","background-type":"","background-media":"","overlay-type":"","overlay-color":"","overlay-opacity":"","overlay-gradient":""},"mobile":{"background-color":"","background-image":"","background-repeat":"repeat","background-position":"center center","background-size":"auto","background-attachment":"scroll","background-type":"","background-media":"","overlay-type":"","overlay-color":"","overlay-opacity":"","overlay-gradient":""}},"ast-content-background-meta":{"desktop":{"background-color":"var(--ast-global-color-5)","background-image":"","background-repeat":"repeat","background-position":"center center","background-size":"auto","background-attachment":"scroll","background-type":"","background-media":"","overlay-type":"","overlay-color":"","overlay-opacity":"","overlay-gradient":""},"tablet":{"background-color":"var(--ast-global-color-5)","background-image":"","background-repeat":"repeat","background-position":"center center","background-size":"auto","background-attachment":"scroll","background-type":"","background-media":"","overlay-type":"","overlay-color":"","overlay-opacity":"","overlay-gradient":""},"mobile":{"background-color":"var(--ast-global-color-5)","background-image":"","background-repeat":"repeat","background-position":"center center","background-size":"auto","background-attachment":"scroll","background-type":"","background-media":"","overlay-type":"","overlay-color":"","overlay-opacity":"","overlay-gradient":""}}},"product_brand":[],"product_cat":[291],"product_tag":[353,352,354,351,292],"class_list":{"0":"post-11529","1":"product","2":"type-product","3":"status-publish","4":"has-post-thumbnail","6":"product_cat-nafent-social-club","7":"product_tag-alicante","8":"product_tag-calpe","9":"product_tag-ibi","10":"product_tag-nafent","11":"product_tag-nafent-social-club","12":"desktop-align-left","13":"tablet-align-left","14":"mobile-align-left","16":"first","17":"instock","18":"virtual","19":"sold-individually","20":"taxable","21":"purchasable","22":"product-type-simple"},"yoast_head":"<!-- This site is optimized with the Yoast SEO plugin v27.5 - https:\/\/yoast.com\/product\/yoast-seo-wordpress\/ -->\n<title>Altura Caf\u00e9 | Nafent Social Road Ride | Nafent Magazine<\/title>\n<meta name=\"description\" content=\"Altura Caf\u00e9 i Nafent et conviden a una eixida social de carretera a Ibi per a celebrar la cultura ciclista junt amb Estefan d\u2019EG Osteotherapy (oste\u00f2pata que treballa amb Tudor Pro Cycling i que t\u00e9 la seua pr\u00f2pia consulta a Ibi), Pafgio, Serratella i el Fugats Cycling Club.\" \/>\n<meta name=\"robots\" content=\"index, follow, max-snippet:-1, max-image-preview:large, max-video-preview:-1\" \/>\n<link rel=\"canonical\" href=\"https:\/\/nafentmagazine.com\/ca\/product\/altura-cafe-nafent-social-road-ride\/\" \/>\n<meta property=\"og:locale\" content=\"ca_ES\" \/>\n<meta property=\"og:type\" content=\"article\" \/>\n<meta property=\"og:title\" content=\"Altura Caf\u00e9 | Nafent Social Road Ride | Nafent Magazine\" \/>\n<meta property=\"og:description\" content=\"Altura Caf\u00e9 i Nafent et conviden a una eixida social de carretera a Ibi per a celebrar la cultura ciclista junt amb Estefan d\u2019EG Osteotherapy (oste\u00f2pata que treballa amb Tudor Pro Cycling i que t\u00e9 la seua pr\u00f2pia consulta a Ibi), Pafgio, Serratella i el Fugats Cycling Club.\" \/>\n<meta property=\"og:url\" content=\"https:\/\/nafentmagazine.com\/ca\/product\/altura-cafe-nafent-social-road-ride\/\" \/>\n<meta property=\"og:site_name\" content=\"Nafent Magazine\" \/>\n<meta property=\"article:publisher\" content=\"https:\/\/www.facebook.com\/Nafentmagazine\" \/>\n<meta property=\"article:modified_time\" content=\"2026-01-20T21:10:57+00:00\" \/>\n<meta property=\"og:image\" content=\"https:\/\/nafentmagazine.com\/wp-content\/uploads\/2026\/01\/Graphic-1-1-scaled.webp\" \/>\n\t<meta property=\"og:image:width\" content=\"2048\" \/>\n\t<meta property=\"og:image:height\" content=\"2560\" \/>\n\t<meta property=\"og:image:type\" content=\"image\/webp\" \/>\n<meta name=\"twitter:card\" content=\"summary_large_image\" \/>\n<script type=\"application\/ld+json\" class=\"yoast-schema-graph\">{\"@context\":\"https:\\\/\\\/schema.org\",\"@graph\":[{\"@type\":\"WebPage\",\"@id\":\"https:\\\/\\\/nafentmagazine.com\\\/ca\\\/product\\\/altura-cafe-nafent-social-road-ride\\\/\",\"url\":\"https:\\\/\\\/nafentmagazine.com\\\/ca\\\/product\\\/altura-cafe-nafent-social-road-ride\\\/\",\"name\":\"Altura Caf\u00e9 | Nafent Social Road Ride | Nafent Magazine\",\"isPartOf\":{\"@id\":\"https:\\\/\\\/nafentmagazine.com\\\/#website\"},\"primaryImageOfPage\":{\"@id\":\"https:\\\/\\\/nafentmagazine.com\\\/ca\\\/product\\\/altura-cafe-nafent-social-road-ride\\\/#primaryimage\"},\"image\":{\"@id\":\"https:\\\/\\\/nafentmagazine.com\\\/ca\\\/product\\\/altura-cafe-nafent-social-road-ride\\\/#primaryimage\"},\"thumbnailUrl\":\"https:\\\/\\\/nafentmagazine.com\\\/wp-content\\\/uploads\\\/2026\\\/01\\\/Graphic-1-1-scaled.webp\",\"datePublished\":\"2026-01-11T19:51:45+00:00\",\"dateModified\":\"2026-01-20T21:10:57+00:00\",\"description\":\"Altura Caf\u00e9 i Nafent et conviden a una eixida social de carretera a Ibi per a celebrar la cultura ciclista junt amb Estefan d\u2019EG Osteotherapy (oste\u00f2pata que treballa amb Tudor Pro Cycling i que t\u00e9 la seua pr\u00f2pia consulta a Ibi), Pafgio, Serratella i el Fugats Cycling Club.\",\"breadcrumb\":{\"@id\":\"https:\\\/\\\/nafentmagazine.com\\\/ca\\\/product\\\/altura-cafe-nafent-social-road-ride\\\/#breadcrumb\"},\"inLanguage\":\"ca\",\"potentialAction\":[{\"@type\":\"ReadAction\",\"target\":[\"https:\\\/\\\/nafentmagazine.com\\\/ca\\\/product\\\/altura-cafe-nafent-social-road-ride\\\/\"]}]},{\"@type\":\"ImageObject\",\"inLanguage\":\"ca\",\"@id\":\"https:\\\/\\\/nafentmagazine.com\\\/ca\\\/product\\\/altura-cafe-nafent-social-road-ride\\\/#primaryimage\",\"url\":\"https:\\\/\\\/nafentmagazine.com\\\/wp-content\\\/uploads\\\/2026\\\/01\\\/Graphic-1-1-scaled.webp\",\"contentUrl\":\"https:\\\/\\\/nafentmagazine.com\\\/wp-content\\\/uploads\\\/2026\\\/01\\\/Graphic-1-1-scaled.webp\",\"width\":2048,\"height\":2560},{\"@type\":\"BreadcrumbList\",\"@id\":\"https:\\\/\\\/nafentmagazine.com\\\/ca\\\/product\\\/altura-cafe-nafent-social-road-ride\\\/#breadcrumb\",\"itemListElement\":[{\"@type\":\"ListItem\",\"position\":1,\"name\":\"Home\",\"item\":\"https:\\\/\\\/nafentmagazine.com\\\/\"},{\"@type\":\"ListItem\",\"position\":2,\"name\":\"Shop\",\"item\":\"https:\\\/\\\/nafentmagazine.com\\\/ca\\\/shop\\\/\"},{\"@type\":\"ListItem\",\"position\":3,\"name\":\"Altura Caf\u00e9 | Nafent Social Road Ride\"}]},{\"@type\":\"WebSite\",\"@id\":\"https:\\\/\\\/nafentmagazine.com\\\/#website\",\"url\":\"https:\\\/\\\/nafentmagazine.com\\\/\",\"name\":\"Nafent Magazine\",\"description\":\"The Catalan cycling magazine\",\"publisher\":{\"@id\":\"https:\\\/\\\/nafentmagazine.com\\\/#organization\"},\"alternateName\":\"Revista Nafent\",\"potentialAction\":[{\"@type\":\"SearchAction\",\"target\":{\"@type\":\"EntryPoint\",\"urlTemplate\":\"https:\\\/\\\/nafentmagazine.com\\\/?s={search_term_string}\"},\"query-input\":{\"@type\":\"PropertyValueSpecification\",\"valueRequired\":true,\"valueName\":\"search_term_string\"}}],\"inLanguage\":\"ca\"},{\"@type\":\"Organization\",\"@id\":\"https:\\\/\\\/nafentmagazine.com\\\/#organization\",\"name\":\"Nafent Magazine\",\"url\":\"https:\\\/\\\/nafentmagazine.com\\\/\",\"logo\":{\"@type\":\"ImageObject\",\"inLanguage\":\"ca\",\"@id\":\"https:\\\/\\\/nafentmagazine.com\\\/#\\\/schema\\\/logo\\\/image\\\/\",\"url\":\"https:\\\/\\\/nafentmagazine.com\\\/wp-content\\\/uploads\\\/2021\\\/12\\\/cropped-cropped-logo-full.png\",\"contentUrl\":\"https:\\\/\\\/nafentmagazine.com\\\/wp-content\\\/uploads\\\/2021\\\/12\\\/cropped-cropped-logo-full.png\",\"width\":900,\"height\":327,\"caption\":\"Nafent Magazine\"},\"image\":{\"@id\":\"https:\\\/\\\/nafentmagazine.com\\\/#\\\/schema\\\/logo\\\/image\\\/\"},\"sameAs\":[\"https:\\\/\\\/www.facebook.com\\\/Nafentmagazine\",\"https:\\\/\\\/www.instagram.com\\\/nafentmagazine\\\/\",\"https:\\\/\\\/www.linkedin.com\\\/company\\\/77097325\\\/\"]}]}<\/script>\n<!-- \/ Yoast SEO plugin. -->","yoast_head_json":{"title":"Altura Caf\u00e9 | Nafent Social Road Ride | Nafent Magazine","description":"Altura Caf\u00e9 i Nafent et conviden a una eixida social de carretera a Ibi per a celebrar la cultura ciclista junt amb Estefan d\u2019EG Osteotherapy (oste\u00f2pata que treballa amb Tudor Pro Cycling i que t\u00e9 la seua pr\u00f2pia consulta a Ibi), Pafgio, Serratella i el Fugats Cycling Club.","robots":{"index":"index","follow":"follow","max-snippet":"max-snippet:-1","max-image-preview":"max-image-preview:large","max-video-preview":"max-video-preview:-1"},"canonical":"https:\/\/nafentmagazine.com\/ca\/product\/altura-cafe-nafent-social-road-ride\/","og_locale":"ca_ES","og_type":"article","og_title":"Altura Caf\u00e9 | Nafent Social Road Ride | Nafent Magazine","og_description":"Altura Caf\u00e9 i Nafent et conviden a una eixida social de carretera a Ibi per a celebrar la cultura ciclista junt amb Estefan d\u2019EG Osteotherapy (oste\u00f2pata que treballa amb Tudor Pro Cycling i que t\u00e9 la seua pr\u00f2pia consulta a Ibi), Pafgio, Serratella i el Fugats Cycling Club.","og_url":"https:\/\/nafentmagazine.com\/ca\/product\/altura-cafe-nafent-social-road-ride\/","og_site_name":"Nafent Magazine","article_publisher":"https:\/\/www.facebook.com\/Nafentmagazine","article_modified_time":"2026-01-20T21:10:57+00:00","og_image":[{"width":2048,"height":2560,"url":"https:\/\/nafentmagazine.com\/wp-content\/uploads\/2026\/01\/Graphic-1-1-scaled.webp","type":"image\/webp"}],"twitter_card":"summary_large_image","schema":{"@context":"https:\/\/schema.org","@graph":[{"@type":"WebPage","@id":"https:\/\/nafentmagazine.com\/ca\/product\/altura-cafe-nafent-social-road-ride\/","url":"https:\/\/nafentmagazine.com\/ca\/product\/altura-cafe-nafent-social-road-ride\/","name":"Altura Caf\u00e9 | Nafent Social Road Ride | Nafent Magazine","isPartOf":{"@id":"https:\/\/nafentmagazine.com\/#website"},"primaryImageOfPage":{"@id":"https:\/\/nafentmagazine.com\/ca\/product\/altura-cafe-nafent-social-road-ride\/#primaryimage"},"image":{"@id":"https:\/\/nafentmagazine.com\/ca\/product\/altura-cafe-nafent-social-road-ride\/#primaryimage"},"thumbnailUrl":"https:\/\/nafentmagazine.com\/wp-content\/uploads\/2026\/01\/Graphic-1-1-scaled.webp","datePublished":"2026-01-11T19:51:45+00:00","dateModified":"2026-01-20T21:10:57+00:00","description":"Altura Caf\u00e9 i Nafent et conviden a una eixida social de carretera a Ibi per a celebrar la cultura ciclista junt amb Estefan d\u2019EG Osteotherapy (oste\u00f2pata que treballa amb Tudor Pro Cycling i que t\u00e9 la seua pr\u00f2pia consulta a Ibi), Pafgio, Serratella i el Fugats Cycling Club.","breadcrumb":{"@id":"https:\/\/nafentmagazine.com\/ca\/product\/altura-cafe-nafent-social-road-ride\/#breadcrumb"},"inLanguage":"ca","potentialAction":[{"@type":"ReadAction","target":["https:\/\/nafentmagazine.com\/ca\/product\/altura-cafe-nafent-social-road-ride\/"]}]},{"@type":"ImageObject","inLanguage":"ca","@id":"https:\/\/nafentmagazine.com\/ca\/product\/altura-cafe-nafent-social-road-ride\/#primaryimage","url":"https:\/\/nafentmagazine.com\/wp-content\/uploads\/2026\/01\/Graphic-1-1-scaled.webp","contentUrl":"https:\/\/nafentmagazine.com\/wp-content\/uploads\/2026\/01\/Graphic-1-1-scaled.webp","width":2048,"height":2560},{"@type":"BreadcrumbList","@id":"https:\/\/nafentmagazine.com\/ca\/product\/altura-cafe-nafent-social-road-ride\/#breadcrumb","itemListElement":[{"@type":"ListItem","position":1,"name":"Home","item":"https:\/\/nafentmagazine.com\/"},{"@type":"ListItem","position":2,"name":"Shop","item":"https:\/\/nafentmagazine.com\/ca\/shop\/"},{"@type":"ListItem","position":3,"name":"Altura Caf\u00e9 | Nafent Social Road Ride"}]},{"@type":"WebSite","@id":"https:\/\/nafentmagazine.com\/#website","url":"https:\/\/nafentmagazine.com\/","name":"Nafent Magazine","description":"The Catalan cycling magazine","publisher":{"@id":"https:\/\/nafentmagazine.com\/#organization"},"alternateName":"Revista Nafent","potentialAction":[{"@type":"SearchAction","target":{"@type":"EntryPoint","urlTemplate":"https:\/\/nafentmagazine.com\/?s={search_term_string}"},"query-input":{"@type":"PropertyValueSpecification","valueRequired":true,"valueName":"search_term_string"}}],"inLanguage":"ca"},{"@type":"Organization","@id":"https:\/\/nafentmagazine.com\/#organization","name":"Nafent Magazine","url":"https:\/\/nafentmagazine.com\/","logo":{"@type":"ImageObject","inLanguage":"ca","@id":"https:\/\/nafentmagazine.com\/#\/schema\/logo\/image\/","url":"https:\/\/nafentmagazine.com\/wp-content\/uploads\/2021\/12\/cropped-cropped-logo-full.png","contentUrl":"https:\/\/nafentmagazine.com\/wp-content\/uploads\/2021\/12\/cropped-cropped-logo-full.png","width":900,"height":327,"caption":"Nafent Magazine"},"image":{"@id":"https:\/\/nafentmagazine.com\/#\/schema\/logo\/image\/"},"sameAs":["https:\/\/www.facebook.com\/Nafentmagazine","https:\/\/www.instagram.com\/nafentmagazine\/","https:\/\/www.linkedin.com\/company\/77097325\/"]}]}},"jetpack_sharing_enabled":true,"_links":{"self":[{"href":"https:\/\/nafentmagazine.com\/ca\/wp-json\/wp\/v2\/product\/11529","targetHints":{"allow":["GET"]}}],"collection":[{"href":"https:\/\/nafentmagazine.com\/ca\/wp-json\/wp\/v2\/product"}],"about":[{"href":"https:\/\/nafentmagazine.com\/ca\/wp-json\/wp\/v2\/types\/product"}],"wp:featuredmedia":[{"embeddable":true,"href":"https:\/\/nafentmagazine.com\/ca\/wp-json\/wp\/v2\/media\/11940"}],"wp:attachment":[{"href":"https:\/\/nafentmagazine.com\/ca\/wp-json\/wp\/v2\/media?parent=11529"}],"wp:term":[{"taxonomy":"product_brand","embeddable":true,"href":"https:\/\/nafentmagazine.com\/ca\/wp-json\/wp\/v2\/product_brand?post=11529"},{"taxonomy":"product_cat","embeddable":true,"href":"https:\/\/nafentmagazine.com\/ca\/wp-json\/wp\/v2\/product_cat?post=11529"},{"taxonomy":"product_tag","embeddable":true,"href":"https:\/\/nafentmagazine.com\/ca\/wp-json\/wp\/v2\/product_tag?post=11529"}],"curies":[{"name":"wp","href":"https:\/\/api.w.org\/{rel}","templated":true}]}}